{"id":1338,"date":"2023-09-17T20:34:15","date_gmt":"2023-09-17T20:34:15","guid":{"rendered":"https:\/\/arbetarkultur.se\/?page_id=1338"},"modified":"2024-07-14T14:44:04","modified_gmt":"2024-07-14T14:44:04","slug":"vandringar","status":"publish","type":"page","link":"https:\/\/arbetarkultur.se\/?page_id=1338","title":{"rendered":"Vandringar"},"content":{"rendered":"\n<p>AKS arrangerar vandringar i Stockholm som \u00e4r \u00f6ppna f\u00f6r allm\u00e4nheten. Dessa hittar du i <a href=\"https:\/\/arbetarkultur.se\/?page_id=843\" data-type=\"link\" data-id=\"https:\/\/arbetarkultur.se\/?page_id=843\">kalendariet<\/a>. Men vi genomf\u00f6r ocks\u00e5 best\u00e4llda vandringar. Framf\u00f6r allt till v\u00e5ra medlemsorganisationer. Men ocks\u00e5 f\u00f6r andra  f\u00f6reningar och sammanslutningar som delar v\u00e5ra v\u00e4rderingar. H\u00e4r \u00e4r en lista p\u00e5 de vandringar vi kan erbjuda. Om ni \u00e4r intresserade av att arrangera en vandring kontakta oss via e-post: info@arbetarkultur.se<\/p>\n\n\n\n<p><strong><a href=\"https:\/\/arbetarkultur.se\/?p=1165\">I arbetarr\u00f6relsens sp\u00e5r<\/a><\/strong><br>Samling Norra Bantorget vid Brantingskulpturen. Vandring i arbetarr\u00f6relsens centrala delar i Stockholm.<\/p>\n\n\n\n<p><strong>Norra begravningsplatsen<br><\/strong>M\u00e5nga av arbetarr\u00f6relsens fackliga och politiska ledande gestalter \u00e4r begravda p\u00e5 Norra Begravningsplatsen. Samling vid grind 2.<\/p>\n\n\n\n<p><strong>Bromma kyrkog\u00e5rd<br><\/strong>Gustav M\u00f6ller, Else Kleen, Karl Kihlbom, Arne Geijer, Nils Ferlin med flera har sina gravplatser h\u00e4r.<\/p>\n\n\n\n<p><strong><a href=\"https:\/\/arbetarkultur.se\/?p=1245\">Apelsinflickor, \u00e4nglamakerskor och andra arbetarkvinnor p\u00e5 S\u00f6dermalm<\/a><br><\/strong>Vandring som utg\u00e5r fr\u00e5n Lena Kallenbergs roman Apelsinflickan om 1880-talets arbetarkvinnor p\u00e5 S\u00f6der.<br>Samling vid Groens malmg\u00e5rd.<\/p>\n\n\n\n<p><strong>Vitabergsparken f\u00f6r vandring till Fj\u00e4llgatan<br><\/strong>Arbetare, arbetsplatser och arbetarr\u00f6relse p\u00e5 S\u00f6dermalm<br>Samling Medborgarplatsen f\u00f6r vandring till Barn\u00e4ngens industriomr\u00e5de.<\/p>\n\n\n\n<p><strong>Arbetare, arbetsplatser och arbetarr\u00f6relse p\u00e5 S\u00f6dermalm, norrut<br><\/strong>Samling S\u00f6dra station utg\u00e5ng Rosenlundsgatan.<\/p>\n\n\n\n<p><strong>Arbetare, arbetsplatser p\u00e5 S\u00f6dermalm, v\u00e4stra Katarina<br><\/strong>Samling Medborgarplatsen<\/p>\n\n\n\n<p><strong>Arbetare, arbetsplatser och organisationer, Kungsholmen, s\u00f6dra delen<br><\/strong>Samling T-banestation R\u00e5dhuset utg\u00e5ng Parmm\u00e4targatan.<\/p>\n\n\n\n<p><strong><a href=\"https:\/\/arbetarkultur.se\/?p=1204\">Kungsholmen I den f\u00f6rsta arbetarf\u00f6rfattaren Maria Sandels sp\u00e5r<\/a><br><\/strong>Samling p\u00e5 Kungsklippan vid hissen fr\u00e5n R\u00e5dhusets T-banestation<\/p>\n\n\n\n<p><strong>Kungsholmen \u2013 bland flyktingar och f\u00f6rfattare<br><\/strong>Samling vid V\u00e4stermalmsgallerians utg\u00e5ng<\/p>\n\n\n\n<p><strong>Kungsholmen \u2013 kvinnovandring<\/strong><\/p>\n\n\n\n<p><strong>Hammarbyh\u00f6jden<br><\/strong>Samling vid Willy Brandts skulptur i Willy Brandtparken<\/p>\n\n\n\n<p><strong>Bj\u00f6rkhagen<\/strong><br>Samling vid T-banestation Bj\u00f6rkhagen<\/p>\n\n\n\n<p><strong>Bagarmossen<\/strong><br>Samling vid T-banans utg\u00e5ng<\/p>\n\n\n\n<p><strong>Skarpn\u00e4ck<\/strong> <br>Samling vid T-banestationen<\/p>\n\n\n\n<p><strong>Politiska f\u00e5ngar p\u00e5 L\u00e5ngholmen<br><\/strong>M\u00e5nga av arbetarr\u00f6relsens f\u00f6rk\u00e4mpar har suttit f\u00e4ngslade p\u00e5 L\u00e5ngholmen f\u00f6r sina \u00e5sikters och sina g\u00e4rningars skull. Samling vid Centralvakten p\u00e5 L\u00e5ngholmen (f\u00f6lj skylten)<\/p>\n","protected":false},"excerpt":{"rendered":"<p>AKS arrangerar vandringar i Stockholm som \u00e4r \u00f6ppna f\u00f6r allm\u00e4nheten. Dessa hittar du i kalendariet. Men vi genomf\u00f6r ocks\u00e5 best\u00e4llda vandringar. Framf\u00f6r allt till&#8230;<\/p>\n","protected":false},"author":1,"featured_media":0,"parent":0,"menu_order":0,"comment_status":"closed","ping_status":"closed","template":"","meta":{"footnotes":""},"class_list":["post-1338","page","type-page","status-publish","hentry"],"_links":{"self":[{"href":"https:\/\/arbetarkultur.se\/index.php?rest_route=\/wp\/v2\/pages\/1338","targetHints":{"allow":["GET"]}}],"collection":[{"href":"https:\/\/arbetarkultur.se\/index.php?rest_route=\/wp\/v2\/pages"}],"about":[{"href":"https:\/\/arbetarkultur.se\/index.php?rest_route=\/wp\/v2\/types\/page"}],"author":[{"embeddable":true,"href":"https:\/\/arbetarkultur.se\/index.php?rest_route=\/wp\/v2\/users\/1"}],"replies":[{"embeddable":true,"href":"https:\/\/arbetarkultur.se\/index.php?rest_route=%2Fwp%2Fv2%2Fcomments&post=1338"}],"version-history":[{"count":4,"href":"https:\/\/arbetarkultur.se\/index.php?rest_route=\/wp\/v2\/pages\/1338\/revisions"}],"predecessor-version":[{"id":1509,"href":"https:\/\/arbetarkultur.se\/index.php?rest_route=\/wp\/v2\/pages\/1338\/revisions\/1509"}],"wp:attachment":[{"href":"https:\/\/arbetarkultur.se\/index.php?rest_route=%2Fwp%2Fv2%2Fmedia&parent=1338"}],"curies":[{"name":"wp","href":"https:\/\/api.w.org\/{rel}","templated":true}]}}